{"id":198,"date":"2018-03-01T17:08:48","date_gmt":"2018-03-01T17:08:48","guid":{"rendered":"http:\/\/stefandevylder.com\/?page_id=198"},"modified":"2025-06-08T14:12:24","modified_gmt":"2025-06-08T14:12:24","slug":"debatt-2017-2018","status":"publish","type":"page","link":"https:\/\/stefandevylder.com\/","title":{"rendered":"Latest articles"},"content":{"rendered":"<h3>Debattartiklar<\/h3>\n<p><strong><a href=\"https:\/\/www.svd.se\/a\/vg7W1X\/globaliseringen-vore-vard-en-andra-chans\" target=\"_blank\" rel=\"noopener noreferrer\">Globaliseringen vore v\u00e4rd en andra chans!<\/a><br \/>\n<\/strong><em>Understreckare\/debatt, artikel publicerad i SvD 2025-05-27<br \/>\n<\/em><span style=\"color: initial; font-family: -apple-system, BlinkMacSystemFont, 'Segoe UI', Roboto, Oxygen-Sans, Ubuntu, Cantarell, 'Helvetica Neue', sans-serif; font-size: revert;\">Efter den \u201dhyperglobalisering\u201d som r\u00e5dde \u00e5ren kring millennie\u00adskiftet tystnade v\u00e4nsterns anti\u00adglobaliserings\u00adr\u00f6relse. I st\u00e4llet b\u00f6rjade kritiken komma fr\u00e5n h\u00f6gerh\u00e5ll, d\u00e4r man numera propagerar f\u00f6r nationalism och protektionism. Hur hamnade vi h\u00e4r?<br \/>\n<\/span><a href=\"https:\/\/stefandevylder.com\/wp-content\/uploads\/2025\/06\/Globaliseringen_vore_ard_en_andra_chans_Stefan-deVylder.pdf\" target=\"_blank\" rel=\"noopener noreferrer\">Ladda ner artikeln som pdf.<\/a><\/p>\n<p><strong><a href=\"https:\/\/arenaide.se\/rapporter\/ur-askan-i-elden-om-hyperglobaliseringens-uppgang-och-kris\/\" target=\"_blank\" rel=\"noopener noreferrer\">Ur askan i elden<\/a><br \/>\n<\/strong><em>Arena id\u00e9\/Cogito Rapport\/publicerad i april 2025<br \/>\n<\/em><span style=\"color: initial; font-family: -apple-system, BlinkMacSystemFont, 'Segoe UI', Roboto, Oxygen-Sans, Ubuntu, Cantarell, 'Helvetica Neue', sans-serif; font-size: revert;\">Om globaliseringens uppg\u00e5ng och p\u00e5g\u00e5ende kris, dess vinnare och f\u00f6rlorare, samt hur globaliseringens konsekvenser idag anv\u00e4nds som ett h\u00f6gerpopulistiskt slagtr\u00e4.<br \/>\n<\/span><a href=\"https:\/\/stefandevylder.com\/wp-content\/uploads\/2025\/06\/Ur-askan-i-elden_stefan-de-vylder.pdf\" target=\"_blank\" rel=\"noopener noreferrer\">Ladda ner rapporten som pdf.<\/a><\/p>\n<p><strong><a href=\"https:\/\/www.aftonbladet.se\/debatt\/a\/W02AzK\/de-vylder-beskatta-kalhyggen-for-vad-de-kostar-var-miljo\" target=\"_blank\" rel=\"noopener noreferrer\">Beskatta kalhyggen f\u00f6r vad de kostar v\u00e5r milj\u00f6!<\/a><br \/>\n<\/strong><em>DEBATT, artikel publicerad i Aftonblandet 2025-03-10<\/em><br \/>\n<span style=\"font-size: revert; color: initial; font-family: -apple-system, BlinkMacSystemFont, 'Segoe UI', Roboto, Oxygen-Sans, Ubuntu, Cantarell, 'Helvetica Neue', sans-serif;\">Den som smutsar ned ska betala vad det kostar. Detsamma borde g\u00e4lla den som skadar den biologiska m\u00e5ngfalden, klimatet eller inskr\u00e4nker allm\u00e4nhetens m\u00f6jligheter till friluftsliv och rekreation, skriver Stefan de Vylder.<br \/>\n<\/span><a href=\"https:\/\/stefandevylder.com\/wp-content\/uploads\/2025\/03\/Debattartikel-AB-2024-03-10.pdf\" target=\"_blank\" rel=\"noopener noreferrer\">Ladda ner artikeln som pdf.<\/a><\/p>\n<p><strong><a href=\"https:\/\/stefandevylder.com\/wp-content\/uploads\/2025\/01\/Att-fostra-ett-folk_Stefan-de-Vylder_2025-01-08.pdf\" target=\"_blank\" rel=\"noopener noreferrer\">\u201dAtt fostra ett folk \u2013 \u00e4r det syftet?\u201d<\/a><br \/>\n<\/strong><em>DEBATT, artikel publicerad i SvD 2025-01-08<\/em><br \/>\n<span style=\"font-size: revert; color: initial; font-family: -apple-system, BlinkMacSystemFont, 'Segoe UI', Roboto, Oxygen-Sans, Ubuntu, Cantarell, 'Helvetica Neue', sans-serif;\">Folk ska sk\u00e4rpa sig och jobba mer. S\u00e5 lyder ofta retoriken fr\u00e5n b\u00e5de S och Tid\u00f6partierna. M\u00e5nga av samh\u00e4llets ekonomiskt utsatta f\u00e5r nu betala \u00e4nnu mer eftersom de har s\u00e5 kallade blancol\u00e5n, skriver Stefan de Vylder.<br \/>\n<\/span><a href=\"https:\/\/stefandevylder.com\/wp-content\/uploads\/2025\/01\/Att-fostra-ett-folk_Stefan-de-Vylder_2025-01-08.pdf\" target=\"_blank\" rel=\"noopener noreferrer\">Ladda ner artikeln som pdf.<\/a><\/p>\n<p><strong><a href=\"https:\/\/stefandevylder.com\/wp-content\/uploads\/2025\/01\/Fran-kuf-till-regeringschef_Stefan-de-Vylder_2024-08-13.pdf\" target=\"_blank\" rel=\"noopener noreferrer\">Fr\u00e5n kuf till regeringschef<\/a><br \/>\n<\/strong><em>Stefan de Vylder, Dagens Arena\/Arena Ess\u00e4 2024-08-13:<\/em><br \/>\n\u201dH\u00e4romdagen p\u00e5 BBC skymtade jag, till min of\u00f6rst\u00e4llda gl\u00e4dje, min gamle bekant fr\u00e5n 1980: den i dag 84-\u00e5rige Muhammad Yunus. F\u00f6r 45 \u00e5r sedan fick jag h\u00f6ras talas om en ung och bisarr professor i nationalekonomi p\u00e5 universitetet i Chittagong i Bangladesh vid namn Muhammad Yunus.&#8221;<br \/>\n<a href=\"https:\/\/stefandevylder.com\/wp-content\/uploads\/2025\/01\/Fran-kuf-till-regeringschef_Stefan-de-Vylder_2024-08-13.pdf\" target=\"_blank\" rel=\"noopener noreferrer\">Ladda ner artikeln som pdf.<\/a><\/p>\n<p><strong><a href=\"https:\/\/stefandevylder.com\/wp-content\/uploads\/2025\/02\/Se-upp-med-rantan-_-Dagens-Arena.pdf\" target=\"_blank\" rel=\"noopener\">Se upp med r\u00e4ntan!<\/a><br \/>\n<\/strong><em>DEBATT, artikel publicerad i <a href=\"https:\/\/www.dagensarena.se\/opinion\/se-upp-med-rantan\/\" target=\"_blank\" rel=\"noopener\">Dagens Arena 2024-03-02<\/a><br \/>\n<\/em>Min gissning \u00e4r att vi kan se fram mot rader av utredningar som syftar till att sk\u00f6nm\u00e5la tid\u00f6partiernas \u2013 och somliga socialdemokraters \u2013 klimatpolitiska favoritprojekt: k\u00e4rnkraft och gruvor. Det skriver Stefan de Vylder.<br \/>\n<a href=\"https:\/\/stefandevylder.com\/wp-content\/uploads\/2025\/02\/Se-upp-med-rantan-_-Dagens-Arena.pdf\" target=\"_blank\" rel=\"noopener noreferrer\">Ladda ner artikeln som pdf.<\/a><\/p>\n<p><strong><a href=\"https:\/\/stefandevylder.com\/wp-content\/uploads\/2021\/04\/Hur_forklara_de_73_miljonerna.pdf\" target=\"_blank\" rel=\"noopener noreferrer\">Hur f\u00f6rklara de 73 miljonerna?<\/a><br \/>\n<\/strong>Stora delar av v\u00e4rlden har dragit en l\u00e4ttnadens suck. Det gick ungef\u00e4r som v\u00e4ntat. Men med mindre marginal f\u00f6r Joe Biden och Kamala Harris \u00e4n vad opinionsunders\u00f6kningar och flertalet experter hade f\u00f6rutsp\u00e5tt.<br \/>\nDet som b\u00f6r f\u00f6rklaras \u00e4r inte att Biden vann, utan att \u00f6ver 70 miljoner amerikaner r\u00f6stade p\u00e5 Donald Trump. Det \u00e4r inte r\u00f6sterna mot Trump, utan r\u00f6sterna f\u00f6r honom, som jag och m\u00e5nga med mig har sv\u00e5rt att ta in.<br \/>\n<a href=\"https:\/\/stefandevylder.com\/wp-content\/uploads\/2021\/04\/Hur_forklara_de_73_miljonerna.pdf\" target=\"_blank\" rel=\"noopener noreferrer\">Ladda ner artikeln som pdf.<\/a><\/p>\n<p><strong><a href=\"https:\/\/stefandevylder.com\/wp-content\/uploads\/2021\/03\/Alltingen_skatt.pdf\" target=\"_blank\" rel=\"noopener noreferrer\">Rika m\u00e5ste betala mer och subventioneras mindre<\/a><\/strong><br \/>\nDet skattesystem vi skapat de senaste decennierna har inte bidragit till minskad arbetsl\u00f6shet. D\u00e4remot till snabbt v\u00e4xande klassklyftor. Sverige har utvecklats till ett skatteparadis f\u00f6r de rika, skriver nationalekonom Stefan de Vylder.<br \/>\n<a href=\"https:\/\/stefandevylder.com\/wp-content\/uploads\/2021\/03\/Alltingen_skatt.pdf\" target=\"_blank\" rel=\"noopener noreferrer\">Ladda ner artikeln som pdf.<\/a><\/p>\n<p><strong><a href=\"https:\/\/www.etc.se\/debatt\/larde-vi-oss-inget-av-tsunamin-och-branderna\" target=\"_blank\" rel=\"noopener noreferrer\">L\u00e4rde vi oss inget av tsunamin och br\u00e4nderna?<\/a><\/strong><br \/>\nN\u00e4r Sverige drabbades av covid-19 f\u00f6rs\u00e4krade en rad ministrar att v\u00e5r beredskap var god. Det var den inte, skriver nationalekonomen Stefan de Vylder.<br \/>\n<a href=\"https:\/\/stefandevylder.com\/wp-content\/uploads\/2020\/09\/Larde-vi-oss-inget-av-tsunamin-och-branderna_ETC.pdf\" target=\"_blank\" rel=\"noopener noreferrer\">Ladda ner artikeln som pdf.<\/a><\/p>\n<p><strong><a href=\"https:\/\/stefandevylder.com\/wp-content\/uploads\/2020\/09\/de_Vylder-Dependency_school-.pdf\" target=\"_blank\" rel=\"noopener noreferrer\">Why Poor Countries Remain Poor:<br \/>\nThe Latin American Dependency School<\/a><\/strong><br \/>\nStefan de Vylder has a confession to make. Some fifty years ago, he was a firm believer in the Latin American dependency theory. Now he analyses in retrospective the theory, its origins, followers, criticism and outcome.<br \/>\n<a href=\"https:\/\/stefandevylder.com\/wp-content\/uploads\/2020\/09\/de_Vylder-Dependency_school-.pdf\" target=\"_blank\" rel=\"noopener noreferrer\">Download the article as pdf.<\/a><\/p>\n<p><strong><a href=\"https:\/\/fuf.se\/coronakrisen-kraver-internationell-solidaritet-inte-nationell-egoism\/\" target=\"_blank\" rel=\"noopener noreferrer\">Coronakrisen kr\u00e4ver internationell solidaritet, inte nationell egoism<\/a><br \/>\n<\/strong> \u2013 om Coronakrisen, publicerat som g\u00e4stkr\u00f6nika p\u00e5 F\u00f6reningen f\u00f6r utvecklingsfr\u00e5gors (FUF) webbsajt. Mars 2020<br \/>\n<a href=\"https:\/\/stefandevylder.com\/wp-content\/uploads\/2020\/03\/Om_Coronakrisen.pdf\" target=\"_blank\" rel=\"noopener noreferrer\">Ladda ner artikeln som pdf<\/a>.<\/p>\n<p><strong><a href=\"https:\/\/fuf.se\/coronakrisen-kraver-internationell-solidaritet-inte-nationell-egoism\/\" target=\"_blank\" rel=\"noopener noreferrer\">Coronakrisen kr\u00e4ver internationell solidaritet, inte nationell egoism<\/a><br \/>\n<\/strong> \u2013 om Coronakrisen, publicerat som g\u00e4stkr\u00f6nika p\u00e5 F\u00f6reningen f\u00f6r utvecklingsfr\u00e5gors (FUF) webbsajt. Mars 2020<br \/>\n<a href=\"https:\/\/stefandevylder.com\/wp-content\/uploads\/2020\/03\/Om_Coronakrisen.pdf\" target=\"_blank\" rel=\"noopener noreferrer\">Ladda ner artikeln som pdf<\/a>.<\/p>\n<p><strong><a href=\"https:\/\/stefandevylder.com\/wp-content\/uploads\/2020\/03\/Om_USAimperialsmen-.pdf\" target=\"_blank\" rel=\"noopener noreferrer\">Om USA imperialismen<\/a><br \/>\n<\/strong> \u2013 ett bidrag till en antologi tillsammans med andra tidigare medarbetare p\u00e5 <a href=\"http:\/\/www.haften.org\/\" target=\"_blank\" rel=\"noopener noreferrer\">H\u00e4ften f\u00f6r kritiska studier<\/a>. 2019<\/p>\n<p><strong><a href=\"http:\/\/stefandevylder.com\/wp-content\/uploads\/2018\/08\/Sverige-Euron-och-bankunionen_Stefan-de-Vylder.pdf\" target=\"_blank\" rel=\"noopener noreferrer\">Sverige, Euron och bankunionen<\/a><br \/>\n<\/strong> \u2013 en rapport framtagen p\u00e5 uppdrag av Max Andersson (ledamot av EU-parlamentet f\u00f6r MP)<strong><br \/>\n<\/strong>Publicerad p\u00e5 <a href=\"http:\/\/maxandersson.eu\/\" target=\"_blank\" rel=\"noopener noreferrer\">maxandersson.eu<\/a> 15 juli 2018<\/p>\n<p><strong><a href=\"http:\/\/stefandevylder.com\/wp-content\/uploads\/2018\/08\/Trumps_manga_sjalvmal.pdf\" target=\"_blank\" rel=\"noopener noreferrer\">Trumps m\u00e5nga sj\u00e4lvm\u00e5l<\/a><br \/>\n<\/strong> \u2013S\u00e4llan \u00e4r uttrycket \u201dkontraproduktivt\u201d mer tr\u00e4ffande \u00e4n n\u00e4r det syftar p\u00e5 Donald Trumps agenda under parollen \u201d<em>America first<\/em>\u201d. Publicerad p\u00e5 <a href=\"http:\/\/www.amerikaanalys.se\/\" target=\"_blank\" rel=\"noopener noreferrer\">amerikaanalys.se<\/a> 20 maj 2018<\/p>\n<p><strong><a href=\"http:\/\/stefandevylder.com\/wp-content\/uploads\/2018\/04\/Lararvikarier.pdf\" target=\"_blank\" rel=\"noopener noreferrer\">Efter ett tag slutade jag skratta och b\u00f6rjade sk\u00e4mmas<\/a><br \/>\n<\/strong> \u2013 om villkoren f\u00f6r bemanningsf\u00f6retagens l\u00e4rarvikarier<strong><br \/>\n<\/strong>publicerad i L\u00e4rarnas Tidning den 29 mars 2018<\/p>\n<p><strong><a href=\"http:\/\/stefandevylder.com\/wp-content\/uploads\/2018\/03\/Handelspolitiken.pdf\" target=\"_blank\" rel=\"noopener noreferrer\">Malmstr\u00f6m bidrar till handelspolitikens f\u00f6rfall<\/a><br \/>\n<\/strong>publicerad i Svenska Dagbladet den 9 mars 2018<\/p>\n<p><a href=\"http:\/\/stefandevylder.com\/wp-content\/uploads\/2018\/03\/Chiles_skolreform-2.pdf\" target=\"_blank\" rel=\"noopener noreferrer\"><strong>Den chilenska skolreformen<\/strong><\/a><br \/>\nNej, skolorna f\u00f6rsvann inte &#8211; trots vinststopp!<br \/>\npublicerad i Aftonbladet den 2 februari 2o18<br \/>\nmed svar av Ulla Hamilton (vd Friskolornas riksf\u00f6rbund) den 5 februari 2018 och slutreplik av Stefan de Vylder den 6 februari 2018<\/p>\n<p><a href=\"http:\/\/stefandevylder.com\/wp-content\/uploads\/2018\/02\/Sverige_skatteparadis.pdf\" target=\"_blank\" rel=\"noopener noreferrer\"><strong>Sverige \u00e4r ett skatteparadis \u2013 f\u00f6r de rika<\/strong><\/a><br \/>\npublicerad i Svenska Dagbladet den 18 november 2017<\/p>\n<p><a href=\"http:\/\/stefandevylder.com\/wp-content\/uploads\/2018\/04\/Ett_ar_med_Trump.pdf\" target=\"_blank\" rel=\"noopener noreferrer\"><strong>Ett \u00e5r med Trump<\/strong><\/a><br \/>\nbloggarna p\u00e5 om ett \u00e5r med Trump<br \/>\npublicerad p\u00e5 bloggen <a href=\"http:\/\/www.amerikaanalys.se\" target=\"_blank\" rel=\"noopener noreferrer\">www.amerikaanalys.se<\/a> den 7 november 2017<\/p>\n<p><a href=\"http:\/\/stefandevylder.com\/wp-content\/uploads\/2018\/04\/Reform_USAs_skattesystem.pdf\" target=\"_blank\" rel=\"noopener noreferrer\"><strong>Mot en reform av USA&#8217;s skattesystem<\/strong><\/a><br \/>\npublicerad p\u00e5 bloggen <a href=\"http:\/\/www.amerikaanalys.se\" target=\"_blank\" rel=\"noopener noreferrer\">www.amerikaanalys.se<\/a> den 12 oktober 2017<\/p>\n<p><a href=\"http:\/\/stefandevylder.com\/wp-content\/uploads\/2018\/02\/LSS_en_besparing.pdf\" target=\"_blank\" rel=\"noopener noreferrer\"><strong>LSS &#8211; en ren besparing?<\/strong><\/a><br \/>\npublicerad i SocialPolitik nr 2 2017 (2017-10-11)<\/p>\n<p><a href=\"http:\/\/stefandevylder.com\/wp-content\/uploads\/2018\/02\/Forbjud_AB_i_skolan.pdf\" target=\"_blank\" rel=\"noopener noreferrer\"><strong>Stoppa skolpengen till vinstdrivna aktiebolag!<\/strong><\/a><br \/>\npublicerad i Aftonbladet den 23 september 2017<\/p>\n<p><a href=\"http:\/\/stefandevylder.com\/wp-content\/uploads\/2018\/04\/Republikansk_skattereform.pdf\" target=\"_blank\" rel=\"noopener noreferrer\"><strong>Republikansk skattereform<\/strong><\/a><br \/>\npublicerad p\u00e5 bloggen <a href=\"http:\/\/www.amerikaanalys.se\" target=\"_blank\" rel=\"noopener noreferrer\">www.amerikaanalys.se<\/a> den 23 februari 2017<\/p>\n","protected":false},"excerpt":{"rendered":"<p>Debattartiklar Globaliseringen vore v\u00e4rd en andra chans! Understreckare\/debatt, artikel publicerad i SvD 2025-05-27 Efter den \u201dhyperglobalisering\u201d som r\u00e5dde \u00e5ren kring millennie\u00adskiftet tystnade v\u00e4nsterns anti\u00adglobaliserings\u00adr\u00f6relse. I st\u00e4llet b\u00f6rjade kritiken komma fr\u00e5n h\u00f6gerh\u00e5ll, d\u00e4r man numera propagerar f\u00f6r nationalism och protektionism. Hur hamnade vi h\u00e4r? Ladda ner artikeln som pdf. Ur askan i elden Arena id\u00e9\/Cogito Rapport\/publicerad [&hellip;]<\/p>\n","protected":false},"author":1,"featured_media":0,"parent":0,"menu_order":0,"comment_status":"closed","ping_status":"closed","template":"","meta":{"jetpack_post_was_ever_published":false,"footnotes":""},"class_list":["post-198","page","type-page","status-publish","hentry"],"jetpack_shortlink":"https:\/\/wp.me\/P3sHGm-3c","jetpack_sharing_enabled":true,"_links":{"self":[{"href":"https:\/\/stefandevylder.com\/index.php?rest_route=\/wp\/v2\/pages\/198","targetHints":{"allow":["GET"]}}],"collection":[{"href":"https:\/\/stefandevylder.com\/index.php?rest_route=\/wp\/v2\/pages"}],"about":[{"href":"https:\/\/stefandevylder.com\/index.php?rest_route=\/wp\/v2\/types\/page"}],"author":[{"embeddable":true,"href":"https:\/\/stefandevylder.com\/index.php?rest_route=\/wp\/v2\/users\/1"}],"replies":[{"embeddable":true,"href":"https:\/\/stefandevylder.com\/index.php?rest_route=%2Fwp%2Fv2%2Fcomments&post=198"}],"version-history":[{"count":63,"href":"https:\/\/stefandevylder.com\/index.php?rest_route=\/wp\/v2\/pages\/198\/revisions"}],"predecessor-version":[{"id":391,"href":"https:\/\/stefandevylder.com\/index.php?rest_route=\/wp\/v2\/pages\/198\/revisions\/391"}],"wp:attachment":[{"href":"https:\/\/stefandevylder.com\/index.php?rest_route=%2Fwp%2Fv2%2Fmedia&parent=198"}],"curies":[{"name":"wp","href":"https:\/\/api.w.org\/{rel}","templated":true}]}}